{"id":87,"date":"2012-03-05T01:49:12","date_gmt":"2012-03-05T01:49:12","guid":{"rendered":"http:\/\/revistakuvendi.org\/?page_id=87"},"modified":"2012-03-06T11:22:17","modified_gmt":"2012-03-06T11:22:17","slug":"opinione","status":"publish","type":"page","link":"https:\/\/revistakuvendi.org\/?page_id=87","title":{"rendered":"Opinione"},"content":{"rendered":"<p><strong>\u201cN\u00eb em\u00ebr t\u00eb komunitetit\u201d\u2026<\/strong><\/p>\n<p>&nbsp;<\/p>\n<p><strong>Pjet\u00ebr Jaku<\/strong><\/p>\n<p><strong>\u00a0<\/strong><\/p>\n<p>Ka ndonj\u00eb emigrant, q\u00eb p\u00ebr t\u00eb r\u00ebn\u00eb n\u00eb sy, ose \u00a0p\u00ebrfitime\u00a0 p\u00ebrsonale, p\u00ebrpiqet t\u00eb vet\u00ebvihet n\u00eb krye t\u00eb komunitetit shqiptar, pa ia besuar njeri t\u00eb drejt\u00ebn e p\u00ebrfaq\u00ebsimit. \u00a0Po k\u00ebta persona, her\u00eb mbas her\u00eb gjejn\u00eb sebepe e flasin \u201cn\u00eb em\u00ebr t\u00eb komunitetit\u201d, kur nuk kan\u00eb asnj\u00eb tager \u00a0t\u00eb p\u00ebrfaq\u00ebsojn\u00eb dik\u00ebn, p\u00ebrve\u00e7 vetes s\u00eb tyre. K\u00ebta, jan\u00eb t\u00eb njohur p\u00ebr nisma q\u00eb nuk i realizuan kurr\u00eb, p\u00ebr sa e sa ide \u201cbrilante\u201d, \u00a0me t\u00eb cilat nuk mund t\u00eb shkosh askund! Komunitetet shqiptare n\u00eb Shtetet e Bashkuara t\u00eb \u00a0Amerik\u00ebs, n\u00ebse duan t\u00eb jen\u00eb t\u00eb organizuar, e kan\u00eb nj\u00eb mund\u00ebsi. N\u00ebse duan t\u00eb ndihmojn\u00eb at\u00ebdheun e tyre, e kan\u00eb prap\u00eb nj\u00eb mund\u00ebsi, pasi n\u00eb asnj\u00ebrin prej komuniteteve nuk mungojn\u00eb specialist\u00ebt, q\u00eb\u00a0 po t\u2019u k\u00ebrkohet ndihma e tyre \u00a0s\u2019 ngurojn\u00eb t\u2019a japin.<\/p>\n<p><strong>Si mund t\u00eb funksionojn\u00eb grupime t\u00eb ndryshme t\u00eb diaspores?<\/strong><\/p>\n<p>Le t\u00eb marrim nj\u00eb shembull:\u00a0 shqiptar\u00ebt q\u00eb jetojn\u00eb e punojn\u00eb n\u00eb Amerik\u00eb! Ata jan\u00eb t\u00eb p\u00ebrqendruar , m\u00eb s\u00eb shumti, n\u00eb disa nga shtetet kryesore t\u00eb Amerik\u00ebs,si n\u00eb: New York, New Jersy, Michigan, Chicago, Boston dhe Florida. N\u00eb Ohio, Wiskonsin, Arizona dhe n\u00eb Texas ka grupime t\u00eb vogla.<\/p>\n<p>N\u00eb t\u00eb gjitha k\u00ebto grupime ka nj\u00eb mund\u00ebsi p\u00ebr t\u2019u organizuar pa spekulluar me shprehejn \u201c N\u00eb em\u00ebr t\u00eb\u00a0 komunitetit!\u201d N\u00eb New York kemi\u00a0 nj\u00eb p\u00ebrfaq\u00ebsues t\u00eb shetetit shqiptar n\u00eb OKB dhe nj\u00eb Konsull t\u00eb P\u00ebrgjithsh\u00ebm. Po ashtu kemi\u00a0 edhe Konsullaten e Kosov\u00ebs. Kemi Federaten Panshqiptare \u201cVatra\u201d, q\u00eb historikisht ka p\u00ebrfaq\u00ebsuar me\u00a0 dinjitet shqiptar\u00ebt e Amerik\u00ebs.\u00a0 \u201cVatra\u201d, e krijuar m\u00eb par\u00eb se Shteti Shqiptar, ka q\u00ebn\u00eb p\u00ebrfaq\u00ebsuesja e vetme dhe\u00a0 m\u00eb e denj\u00eb e Shqip\u00ebris\u00eb\u00a0 n\u00eb Amerik\u00eb dhe, jo vet\u00ebm n\u00eb Amerik\u00eb, por edhe n\u00eb Konferenca\u00a0 nd\u00ebrkomb\u00ebtare. Pa p\u00ebrmendur shembuj, kemi edhe organizata t\u00eb njohura n\u00eb Departamentin e Shtetit, q\u00eb mund t\u00eb flasin n\u00eb em\u00ebr t\u00eb\u00a0 emigrant\u00ebve shqiptar\u00eb.<\/p>\n<p>N\u00eb shtetet e tjera me komunitete t\u00eb m\u00ebdha shqiptar\u00ebsh, kemi Konsuj Nderi, t\u00eb cil\u00ebt e kan\u00eb p\u00ebr detyre t\u00eb flasin n\u00eb em\u00ebr t\u00eb komuniteteve, por gjithnj\u00eb t\u00eb konsultuar edhe me p\u00ebrfaq\u00ebsuesit e komuniteteve fetare, krahinore dhe shoqatave q\u00eb ndigjohen n\u00eb k\u00ebto komunitete. N\u00eb Michigan, ku \u00ebsht\u00eb komuniteti m\u00eb i madh pas New Yorkut, kemi nj\u00eb\u00a0 Konsull Nderi, kemi nj\u00eb Deg\u00eb t\u00eb \u201cVatr\u00ebs\u201d, kemi pes\u00eb komunitete fetare t\u00eb t\u00eb gjitha besimeve, ku lider\u00ebt e tyre kan\u00eb pesh\u00eb n\u00eb jet\u00ebn komunitare, kemi dy \u2013 tri shoqata aktive dhe disa t\u00eb tjera, q\u00eb p\u00ebrpiqen t\u00eb b\u00ebjn\u00eb di\u00e7ka. Konsulli i Nderit n\u00eb k\u00ebt\u00eb shtet, biznesmeni dhe aktivisti i njohur Ekrem Bardha, i ka t\u00eb gjitha mund\u00ebsit\u00eb t\u00eb promovoj\u00eb turizmin dhe ekonomin\u00eb shqiptare n\u00eb Michigan, t\u00eb b\u00ebj\u00eb binjak\u00ebzime mes bashkive shqiptare dhe amerikane, ashtu edhe si\u00e7 jan\u00eb b\u00ebr\u00eb. Bashk\u00ebveprimi i tyre me Ambasadat e shqiptar\u00ebve n\u00eb Washington, prap\u00eb \u00ebsht\u00eb nj\u00eb e drejt\u00eb legjitime p\u00ebr t\u2019u paraqitur n\u00eb bashkit\u00eb dhe koorporatat amerikane. N\u00eb nj\u00eb rast m\u00eb ka takuar t\u00eb udh\u00ebtoj\u00eb me Ekrem Bardh\u00ebn p\u00ebr\u00a0 Shqip\u00ebri, i cili kishte nj\u00eb projket bashk\u00ebpunimi me General Motors, p\u00ebr t\u2019ia paraqitur Minsitris\u00eb s\u00eb Industris\u00eb, pa p\u00ebrmendur thirrjet e vazhdueshme q\u00eb u ka b\u00ebr\u00eb shqiptarve t\u00eb pasur, p\u00ebr t\u00eb investuar n\u00eb vendin ton\u00eb, duke ndjekur s\u00eb pari shembullin e vet.<\/p>\n<p>Paradoksi \u00ebsht\u00eb tek paraqitja e disave, q\u00eb nuk kan\u00eb asnj\u00eb t\u00eb drejt\u00eb t\u00eb\u00a0 p\u00ebrfaq\u00ebsojn\u00eb komunitetin, t\u00eb shkojn\u00eb n\u00eb biseda t\u00eb pa autorizuara nga askush p\u00ebr binjak\u00ebzime, kur nuk p\u00ebrfaq\u00ebsojn\u00eb ask\u00ebnd, kur nuk mund t\u00eb binjak\u00ebzojn\u00eb veten e tyre, ose t\u00eb d\u00ebrgojn\u00eb qoft\u00eb edhe nj\u00eb turist amerikan n\u00eb Shqip\u00ebri. Qeveria shqiptare, ka ambasadat dhe konsujt, t\u00eb cil\u00ebt ia b\u00ebjn\u00eb agjenden dhe ia sigurojn\u00eb takimet, pritjet\u00a0 e p\u00ebrcjelljet, pa nevoj\u00ebn e p\u00ebrsonave enigmatik, q\u00eb pas ndonj\u00eb takimi\u00a0 ceremonial (vet\u00ebm dh\u00ebnie dore)\u00a0 t\u00eb na hiqen si \u00a0autoritar, t\u00eb cil\u00ebt i takoi \u201cX\u201d personalitet\u00a0 dhe k\u00ebta na e ftuan \u201cn\u00eb em\u00ebr t\u00eb komunitetit\u201d!!!<\/p>\n<p>Presidentin, Kryeministrin, apo politikan tjeter, ka t\u00eb drejt\u00ebn dhe mund\u00ebsin\u00eb ta takoj\u00eb \u00e7do shqiptar i diaspores, por jo t\u00eb flas n\u00eb em\u00ebr t\u00eb komunitetit, leq\u00eb \u00a0asnj\u00eb p\u00ebrsonalitet \u00a0nuk d\u00ebgjon njer\u00ebz q\u00eb nuk p\u00ebrfaq\u00ebsojn\u00eb asgj\u00eb dhe ask\u00ebnd.<\/p>\n<p><em>vijon\u2026.<\/em><\/p>\n","protected":false},"excerpt":{"rendered":"<p>\u201cN\u00eb em\u00ebr t\u00eb komunitetit\u201d\u2026 &nbsp; Pjet\u00ebr Jaku \u00a0 Ka ndonj\u00eb emigrant, q\u00eb p\u00ebr t\u00eb r\u00ebn\u00eb n\u00eb sy, ose \u00a0p\u00ebrfitime\u00a0 p\u00ebrsonale, p\u00ebrpiqet t\u00eb vet\u00ebvihet n\u00eb krye t\u00eb komunitetit shqiptar, pa ia besuar njeri t\u00eb drejt\u00ebn e p\u00ebrfaq\u00ebsimit. \u00a0Po k\u00ebta persona, her\u00eb mbas her\u00eb gjejn\u00eb sebepe e flasin \u201cn\u00eb em\u00ebr t\u00eb komunitetit\u201d, kur nuk kan\u00eb asnj\u00eb tager&hellip;<\/p>\n","protected":false},"author":1,"featured_media":0,"parent":0,"menu_order":0,"comment_status":"open","ping_status":"open","template":"","meta":{"footnotes":""},"class_list":["post-87","page","type-page","status-publish","hentry"],"_links":{"self":[{"href":"https:\/\/revistakuvendi.org\/index.php?rest_route=\/wp\/v2\/pages\/87","targetHints":{"allow":["GET"]}}],"collection":[{"href":"https:\/\/revistakuvendi.org\/index.php?rest_route=\/wp\/v2\/pages"}],"about":[{"href":"https:\/\/revistakuvendi.org\/index.php?rest_route=\/wp\/v2\/types\/page"}],"author":[{"embeddable":true,"href":"https:\/\/revistakuvendi.org\/index.php?rest_route=\/wp\/v2\/users\/1"}],"replies":[{"embeddable":true,"href":"https:\/\/revistakuvendi.org\/index.php?rest_route=%2Fwp%2Fv2%2Fcomments&post=87"}],"version-history":[{"count":2,"href":"https:\/\/revistakuvendi.org\/index.php?rest_route=\/wp\/v2\/pages\/87\/revisions"}],"predecessor-version":[{"id":140,"href":"https:\/\/revistakuvendi.org\/index.php?rest_route=\/wp\/v2\/pages\/87\/revisions\/140"}],"wp:attachment":[{"href":"https:\/\/revistakuvendi.org\/index.php?rest_route=%2Fwp%2Fv2%2Fmedia&parent=87"}],"curies":[{"name":"wp","href":"https:\/\/api.w.org\/{rel}","templated":true}]}}