{"id":85,"date":"2012-03-05T01:48:37","date_gmt":"2012-03-05T01:48:37","guid":{"rendered":"http:\/\/revistakuvendi.org\/?page_id=85"},"modified":"2012-03-06T17:03:45","modified_gmt":"2012-03-06T17:03:45","slug":"diaspora","status":"publish","type":"page","link":"https:\/\/revistakuvendi.org\/?page_id=85","title":{"rendered":"Diaspora"},"content":{"rendered":"<h1 id=\"firstHeading\">M\u00ebrgata shqiptare<\/h1>\n<div id=\"bodyContent\"><!-- tagline --><\/p>\n<div id=\"siteSub\">Nga Wikipedia, enciklopedia e lir\u00eb<\/div>\n<p><!-- \/tagline --><!-- subtitle --><\/p>\n<div id=\"contentSub\"><\/div>\n<p><!-- \/subtitle --><!-- jumpto --><\/p>\n<div id=\"jump-to-nav\">Shko te: <a href=\"http:\/\/sq.wikipedia.org\/wiki\/M%C3%ABrgata_shqiptare#mw-head\">navigacion<\/a>, <a href=\"http:\/\/sq.wikipedia.org\/wiki\/M%C3%ABrgata_shqiptare#p-search\">k\u00ebrko<\/a><\/div>\n<p><!-- \/jumpto --><!-- bodycontent --><\/p>\n<div lang=\"sq\" dir=\"ltr\">\n<p><strong><a title=\"M\u00ebrgata\" href=\"http:\/\/sq.wikipedia.org\/wiki\/M%C3%ABrgata\">M\u00ebrgata<\/a> <a title=\"Shqiptare\" href=\"http:\/\/sq.wikipedia.org\/wiki\/Shqiptare\">shqiptare<\/a><\/strong> (edhe <strong><a title=\"Diaspora\" href=\"http:\/\/sq.wikipedia.org\/wiki\/Diaspora\">Diaspora<\/a> shqiptare<\/strong>) \u00ebsht\u00eb term me t\u00eb cilin p\u00ebrfshihen t\u00eb gjith\u00eb shqiptar\u00ebt t\u00eb cil\u00ebt jetojn\u00eb dhe veprojn\u00eb jasht\u00eb trojeve autoktone shqiptare.<\/p>\n<p>M\u00ebrgata shqiptar me kalimin e koh\u00ebs ka shkuar gjithnj\u00eb e m\u00eb tep\u00ebr duke u rritur. Edhe tek Shqiptar\u00ebt, sikurse tek popujt tjer\u00eb t\u00eb bot\u00ebs ka pasur migrim t\u00eb popullsis\u00eb. Nga k\u00ebta banor\u00eb q\u00eb kan\u00eb migruar p\u00ebr shkaqe t\u00eb ndryshme n\u00eb vende t\u00eb ndryshme t\u00eb bot\u00ebs, shpesh her\u00eb jan\u00eb krijuar grupe t\u00eb organizuara n\u00eb shoqata kulturore.<\/p>\n<p>N\u00eb historin\u00eb e kombit shqiptar aktiviteti i k\u00ebtyre grupeve t\u00eb m\u00ebrgat\u00ebs, jo rrall\u00eb ka luajtur nj\u00eb rol\u00eb t\u00eb madh n\u00eb vendimet t\u00eb ndryshme politike q\u00eb jan\u00eb marr\u00eb mbi qeverisjen e tokave Shqiptare. Po ashtu ka raste ku nga k\u00ebto grupe jan\u00eb iniciuar edhe veprime t\u00eb cilat kan\u00eb ndikuar n\u00eb gjuh\u00ebn dhe kultur\u00ebn shqiptare.<\/p>\n<p>Qendrat e m\u00ebrgat\u00ebs shqiptare kan\u00eb l\u00ebvizur var\u00ebsisht nga zhvillimet e p\u00ebrgjithshme bot\u00ebrore. K\u00ebshtu q\u00eb nga fillimi i shekullit I n\u00eb pjes\u00eb t\u00eb ndryshme t\u00eb Italis\u00eb s\u00eb sotshme, bashk\u00ebvend\u00ebsit jan\u00eb organizuar n\u00eb grupe t\u00eb ndryshme, disa nga k\u00ebto grupe n\u00eb fillim kan\u00eb pasur ndikim n\u00eb vendimet e Rom\u00ebs e me kalimin e koh\u00ebs edhe kan\u00eb marr\u00eb pozicione qeveris\u00ebse n\u00eb udh\u00ebheqjen e perandoris\u00eb Romake.<\/p>\n<p>Faz\u00eb tjet\u00ebr e krijimit t\u00eb grupeve t\u00eb diaspor\u00ebs \u00ebsht\u00eb perandoria e Bizantit. Edhe k\u00ebtu edhe pse n\u00eb histori deri m\u00eb tani nuk flitet p\u00ebr ndonj\u00eb organizim t\u00eb diaspor\u00ebs, vet\u00eb fakti i prezenc\u00ebs s\u00eb personave me prejardhje nga territoret shqiptare n\u00eb qarqet e udh\u00ebheqjes s\u00eb perandoris\u00eb Bizantine, l\u00eb t\u00eb kuptoi p\u00ebr nj\u00eb form\u00eb t\u00eb organizimit t\u00eb k\u00ebtyre personave n\u00eb Stambollin e sotsh\u00ebm.<\/p>\n<p>Me pushtimin e Ballkanit nga Perandoria Osmane, diaspora n\u00eb Itali organizohet n\u00eb at\u00eb shkall\u00eb saq\u00eb k\u00ebtu mund t\u00eb flitet p\u00ebr nj\u00eb koloni. N\u00eb an\u00ebn tjet\u00ebr edhe diaspora n\u00eb perandorin Osmane luan nj\u00eb rol\u00eb gjithnj\u00eb e m\u00eb t\u00eb madh.<\/p>\n<p>Para shkat\u00ebrrimit t\u00eb perandoris\u00eb Osmane qendra e m\u00ebrgat\u00ebs nuk duket si e koncentruar n\u00eb nj\u00ebrin nga metropolet po ajo disi shp\u00ebrndahet dhe shkon duke u rritur ndikimi i saj. K\u00ebtu jan\u00eb prezent\u00eb grupet e organizuara n\u00eb Stamboll, Bukuresht dhe Misir n\u00eb Egjiptin e sotsh\u00ebm.<\/p>\n<p>Gjat\u00eb zhvillimit industrial t\u00eb Evrop\u00ebs Per\u00ebndimore si duket m\u00ebrgata n\u00eb k\u00ebt\u00eb an\u00eb t\u00eb bot\u00ebs nuk ka qen\u00eb aq prezent\u00eb dhe e organizuar. K\u00ebshtu v\u00ebrehet nj\u00eb organizim n\u00eb Shtete e Bashkuara t\u00eb Amerik\u00ebs gjat\u00eb koh\u00ebs m\u00eb t\u00eb re.<\/p>\n<p>Me fillimin e <a title=\"Demonstratat e `81-shit\" href=\"http:\/\/sq.wikipedia.org\/wiki\/Demonstratat_e_%6081-shit\">kryengritjes<\/a> n\u00eb Kosov\u00eb, m\u00ebrgata shqiptare n\u00eb Evrop\u00ebn Per\u00ebndimore katapultohet p\u00ebr nga numri. Kjo rritje e numrit t\u00eb m\u00ebrgimtar\u00ebve ka sjell\u00eb nevoj\u00ebn e nj\u00eb organizimi i cili kryesisht \u00ebsht\u00eb b\u00ebr\u00eb n\u00eb grupe n\u00eb nivele t\u00eb qyteteve t\u00eb cilat kan\u00eb bashk\u00ebpunuar nd\u00ebrmjet tyre n\u00eb nivel t\u00eb shtetit ku kan\u00eb qen\u00eb. Gjat\u00eb k\u00ebsaj kohe financimi i k\u00ebtyre gupeve \u00ebsht\u00eb b\u00ebr\u00eb vet\u00ebm nga vet\u00eb amtar\u00ebt dhe ndikimi i shteteve ku ato grupe kan\u00eb vepruar ka qen\u00eb i vog\u00ebl.<\/p>\n<p>Pas luft\u00ebs organizimi i m\u00ebrgat\u00ebs n\u00eb Evrop\u00ebn Per\u00ebndimore b\u00ebhet kryesisht nga student\u00ebt nd\u00ebrsa n\u00eb <a title=\"Shtetet e Bashkuara t\u00eb Amerik\u00ebs\" href=\"http:\/\/sq.wikipedia.org\/wiki\/Shtetet_e_Bashkuara_t%C3%AB_Amerik%C3%ABs\">Shtetet e Bashkuara t\u00eb Amerik\u00ebs<\/a> duket se kjo ndihmohet edhe nga aktivist\u00eb atdhetar\u00eb.<\/p>\n<p>Me zbulimin e internetit komunikimi i m\u00ebrgat\u00ebs me vendlindjen edhe pse nuk \u00ebsht\u00eb n\u00eb shkall\u00ebn m\u00eb t\u00eb lart\u00eb ai zhvillohet n\u00eb nj\u00eb mas\u00eb t\u00eb pa par\u00eb deri m\u00eb tani.<\/p>\n<p>&nbsp;<\/p>\n<div id=\"content\">\n<div id=\"bodyContent\">\n<div lang=\"sq\" dir=\"ltr\">\n<p>&nbsp;<\/p>\n<p><strong>Shqiptar\u00ebt n\u00eb Gjermani<\/strong> jan\u00eb nj\u00eb pjes\u00eb numerike e madhe e <a title=\"Diaspora\" href=\"http:\/\/sq.wikipedia.org\/wiki\/Diaspora\">Diasporas<\/a> shqiptare.<\/p>\n<p>&nbsp;<\/p>\n<h2>Emigrantet shqiptare, kryesisht burra, mberriten si <a title=\"Emigracioni ekonomik (nuk \u00ebsht\u00eb shkruar akoma)\" href=\"http:\/\/sq.wikipedia.org\/w\/index.php?title=Emigracioni_ekonomik&amp;action=edit&amp;redlink=1\">emigrante pune<\/a> nga q\u00eb nuk ishte asnj\u00eb struktur\u00eb q\u00eb ti p\u00ebrkrahte si <a title=\"Emigracioni politik (nuk \u00ebsht\u00eb shkruar akoma)\" href=\"http:\/\/sq.wikipedia.org\/w\/index.php?title=Emigracioni_politik&amp;action=edit&amp;redlink=1\">emigrante politik<\/a> e aq m\u00eb keq nga <a title=\"Shtetet ofruese (nuk \u00ebsht\u00eb shkruar akoma)\" href=\"http:\/\/sq.wikipedia.org\/w\/index.php?title=Shtetet_ofruese&amp;action=edit&amp;redlink=1\">shtetet ofruese<\/a> si <a title=\"Sozialistische F\u00f6derative Republik Jugoslawien (nuk \u00ebsht\u00eb shkruar akoma)\" href=\"http:\/\/sq.wikipedia.org\/w\/index.php?title=Sozialistische_F%C3%B6derative_Republik_Jugoslawien&amp;action=edit&amp;redlink=1\">Jugosllavia<\/a> in die Bundesrepublik Deutschland, die gegenw\u00e4rtig die absolute Mehrheit der hier lebenden Albaner ausmachen.[<a title=\"Redaktoni seksionin: Historia\" href=\"http:\/\/sq.wikipedia.org\/w\/index.php?title=Shqiptar%C3%ABt_n%C3%AB_Gjermani&amp;action=edit&amp;section=1\">redakto<\/a>] Historia<\/h2>\n<p>Gjat\u00eb <a title=\"Luft\u00ebs s\u00eb Kosov\u00ebs (nuk \u00ebsht\u00eb shkruar akoma)\" href=\"http:\/\/sq.wikipedia.org\/w\/index.php?title=Luft%C3%ABs_s%C3%AB_Kosov%C3%ABs&amp;action=edit&amp;redlink=1\">Luft\u00ebs s\u00eb Kosov\u00ebs<\/a> m\u00eb 1999 mberriten relativisht shum\u00eb <a title=\"Shqiptare\" href=\"http:\/\/sq.wikipedia.org\/wiki\/Shqiptare\">shqiptare<\/a> nga Kosova si azilante n\u00eb Bundesrepublik Deutschland. Ende 1999 betrug die Zahl der Kosovo-Albaner in Deutschland etwa 400.000, von den etwa 100.000 nach dem Krieg wieder freiwillig in ihre Heimat zur\u00fcckgekehrt sind oder zwangsweise abgeschoben wurden.<sup id=\"cite_ref-albde_0-0\"><a href=\"http:\/\/sq.wikipedia.org\/wiki\/Shqiptar%C3%ABt_n%C3%AB_Gjermani#cite_note-albde-0\">[1]<\/a><\/sup><\/p>\n<h2>[<a title=\"Redaktoni seksionin: Situata e migrimit\" href=\"http:\/\/sq.wikipedia.org\/w\/index.php?title=Shqiptar%C3%ABt_n%C3%AB_Gjermani&amp;action=edit&amp;section=2\">redakto<\/a>] Situata e migrimit<\/h2>\n<p>Numri i personave me prejardhje shqiptare q\u00eb jetojn\u00eb n\u00eb Gjermani shkon af\u00ebrsisht t\u00eb 320.000, nga k\u00ebta af\u00ebrsisht 300.000 nga <a title=\"Kosova\" href=\"http:\/\/sq.wikipedia.org\/wiki\/Kosova\">Kosova<\/a><sup id=\"cite_ref-albde_0-1\"><a href=\"http:\/\/sq.wikipedia.org\/wiki\/Shqiptar%C3%ABt_n%C3%AB_Gjermani#cite_note-albde-0\">[1]<\/a><\/sup>, 10.126 nga <a title=\"Shqip\u00ebria\" href=\"http:\/\/sq.wikipedia.org\/wiki\/Shqip%C3%ABria\">Shqip\u00ebria<\/a> dhe af\u00ebrsisht 10.000 nga <a title=\"Maqedonia\" href=\"http:\/\/sq.wikipedia.org\/wiki\/Maqedonia\">Maqedonia<\/a> (siehe auch <a title=\"Mazedonier in Deutschland (nuk \u00ebsht\u00eb shkruar akoma)\" href=\"http:\/\/sq.wikipedia.org\/w\/index.php?title=Mazedonier_in_Deutschland&amp;action=edit&amp;redlink=1\">Mazedonier in Deutschland<\/a>).<sup id=\"cite_ref-1\"><a href=\"http:\/\/sq.wikipedia.org\/wiki\/Shqiptar%C3%ABt_n%C3%AB_Gjermani#cite_note-1\">[2]<\/a><\/sup> e ndoshta af\u00ebrsisht 7.200 nga Serbia. Qendra t\u00eb r\u00ebnd\u00ebsishme t\u00eb koncentrimit t\u00eb diaspor\u00ebs shqiptare n\u00eb Gjermani jan\u00eb kryesisht n\u00eb <a title=\"Berlin\" href=\"http:\/\/sq.wikipedia.org\/wiki\/Berlin\">Berlin<\/a>, <a title=\"Hamburg\" href=\"http:\/\/sq.wikipedia.org\/wiki\/Hamburg\">Hamburg<\/a>, n\u00eb <a title=\"Planungsregion M\u00fcnchen (nuk \u00ebsht\u00eb shkruar akoma)\" href=\"http:\/\/sq.wikipedia.org\/w\/index.php?title=Planungsregion_M%C3%BCnchen&amp;action=edit&amp;redlink=1\">Region M\u00fcnchen<\/a> dhe n\u00eb <a title=\"Metropolregion Stuttgart (nuk \u00ebsht\u00eb shkruar akoma)\" href=\"http:\/\/sq.wikipedia.org\/w\/index.php?title=Metropolregion_Stuttgart&amp;action=edit&amp;redlink=1\">Metropolregion Stuttgart<\/a>. N\u00eb Berlin jetonin m\u00eb 1999 af\u00ebrsisht 23.000 shqiptar<sup id=\"cite_ref-2\"><a href=\"http:\/\/sq.wikipedia.org\/wiki\/Shqiptar%C3%ABt_n%C3%AB_Gjermani#cite_note-2\">[3]<\/a><\/sup> heute ist die Zahl wegen R\u00fcckkehrern in ihre Heimat gesunken.<\/p>\n<p>Shqiptaret n\u00eb Gjermani jan\u00eb kryesisht nga Kosova, krahas k\u00ebtyre ka nj\u00eb pjes\u00eb t\u00eb vog\u00ebl nga Shqip\u00ebria, Maqedonia nga zona e Kosov\u00ebs Lindore si edhe nga Mali i Zi apo \u00c7am\u00ebria. Numri i shqiptareve q\u00eb banojn\u00eb n\u00eb Gjermani nuk \u00ebsht\u00eb b\u00ebr\u00eb publik nga pala gjermane, da in amtlichen Statistiken <a title=\"Ausl\u00e4nder (nuk \u00ebsht\u00eb shkruar akoma)\" href=\"http:\/\/sq.wikipedia.org\/w\/index.php?title=Ausl%C3%A4nder&amp;action=edit&amp;redlink=1\">Ausl\u00e4nder<\/a> nach ihrer Staatsangeh\u00f6rigkeit differenziert werden und da Kosovo erst seit dem 17. Februar 2008 unabh\u00e4ngig ist, werden seit Ende Juli 2008 <a title=\"Reisepass (Kosovo) (nuk \u00ebsht\u00eb shkruar akoma)\" href=\"http:\/\/sq.wikipedia.org\/w\/index.php?title=Reisepass_(Kosovo)&amp;action=edit&amp;redlink=1\">kosovarische Reisep\u00e4sse<\/a> ausgestellt. Seit dem Ausstellungsdatum der kosovarischen Reisep\u00e4sse sind die von den <a title=\"Vereinte Nationen (nuk \u00ebsht\u00eb shkruar akoma)\" href=\"http:\/\/sq.wikipedia.org\/w\/index.php?title=Vereinte_Nationen&amp;action=edit&amp;redlink=1\">Vereinten Nationen<\/a> ausgestellten <a title=\"United Nations Interim Administration Mission in Kosovo (nuk \u00ebsht\u00eb shkruar akoma)\" href=\"http:\/\/sq.wikipedia.org\/w\/index.php?title=United_Nations_Interim_Administration_Mission_in_Kosovo&amp;action=edit&amp;redlink=1\">UNMIK<\/a>-P\u00e4sse dadurch ersetzt worden.<sup id=\"cite_ref-3\"><a href=\"http:\/\/sq.wikipedia.org\/wiki\/Shqiptar%C3%ABt_n%C3%AB_Gjermani#cite_note-3\">[4]<\/a><\/sup><\/p>\n<p>Shumica e Shqiptareve jan\u00eb t\u00eb shtet\u00ebsis\u00eb <a title=\"Deutsche Staatsangeh\u00f6rigkeit (nuk \u00ebsht\u00eb shkruar akoma)\" href=\"http:\/\/sq.wikipedia.org\/w\/index.php?title=Deutsche_Staatsangeh%C3%B6rigkeit&amp;action=edit&amp;redlink=1\">gjermane<\/a> dhe <a title=\"Kosova\" href=\"http:\/\/sq.wikipedia.org\/wiki\/Kosova\">kosovare<\/a>, der den ehemaligen jugoslawischen Pass ersetzt hat, den auch viele Kosovo-Albaner besa\u00dfen. Amtlich erfasst wurde und wird die albanische Identit\u00e4t eines Menschen nur in den F\u00e4llen, in denen ein Kosovo-Albaner einen <a title=\"Asylbewerber (nuk \u00ebsht\u00eb shkruar akoma)\" href=\"http:\/\/sq.wikipedia.org\/w\/index.php?title=Asylbewerber&amp;action=edit&amp;redlink=1\">Asylantrag<\/a> stellt und diesen damit begr\u00fcndet, er sei als Kosovo-Albaner in seiner Heimat <a title=\"Politische Verfolgung (nuk \u00ebsht\u00eb shkruar akoma)\" href=\"http:\/\/sq.wikipedia.org\/w\/index.php?title=Politische_Verfolgung&amp;action=edit&amp;redlink=1\">politischer Verfolgung<\/a> ausgesetzt gewesen.<\/p>\n<h2>[<a title=\"Redaktoni seksionin: Feja\" href=\"http:\/\/sq.wikipedia.org\/w\/index.php?title=Shqiptar%C3%ABt_n%C3%AB_Gjermani&amp;action=edit&amp;section=3\">redakto<\/a>] Feja<\/h2>\n<p>Shumica e shqiptareve t\u00eb ardhur mendohet t\u00eb jen\u00eb me nj\u00eb tradite kulturore <a title=\"Sunite (nuk \u00ebsht\u00eb shkruar akoma)\" href=\"http:\/\/sq.wikipedia.org\/w\/index.php?title=Sunite&amp;action=edit&amp;redlink=1\">sunite<\/a> t\u00eb <a title=\"Islam\" href=\"http:\/\/sq.wikipedia.org\/wiki\/Islam\">Islam<\/a>, por ndofta edhe t\u00eb drejtimeve t\u00eb tjera t\u00eb Koran respektivisht t\u00eb Islam si ata q\u00eb jan\u00eb me prejardhje [Shiite|shiite]] p.sh. <a title=\"Bektashi\" href=\"http:\/\/sq.wikipedia.org\/wiki\/Bektashi\">Bektashi<\/a>. Daneben finden sich auch einige <a title=\"Christ (nuk \u00ebsht\u00eb shkruar akoma)\" href=\"http:\/\/sq.wikipedia.org\/w\/index.php?title=Christ&amp;action=edit&amp;redlink=1\">Christen<\/a>, vornehmlich Orthodoxe und Katholische. 1993 gr\u00fcndeten die Albaner in Hamburg die <a title=\"Union der Islamisch Albanischen Zentren in Deutschland (nuk \u00ebsht\u00eb shkruar akoma)\" href=\"http:\/\/sq.wikipedia.org\/w\/index.php?title=Union_der_Islamisch_Albanischen_Zentren_in_Deutschland&amp;action=edit&amp;redlink=1\">Union der Islamisch Albanischen Zentren in Deutschland<\/a> (UIAZD).<\/p>\n<h2>[<a title=\"Redaktoni seksionin: Shqiptar t\u00eb njohur n\u00eb Gjermani\" href=\"http:\/\/sq.wikipedia.org\/w\/index.php?title=Shqiptar%C3%ABt_n%C3%AB_Gjermani&amp;action=edit&amp;section=4\">redakto<\/a>] Shqiptar t\u00eb njohur n\u00eb Gjermani<\/h2>\n<ul>\n<li><a title=\"Miriam Cani\" href=\"http:\/\/sq.wikipedia.org\/wiki\/Miriam_Cani\">Miriam Cani<\/a> \u2013 K\u00ebng\u00ebtare<\/li>\n<li><a title=\"Colos (nuk \u00ebsht\u00eb shkruar akoma)\" href=\"http:\/\/sq.wikipedia.org\/w\/index.php?title=Colos&amp;action=edit&amp;redlink=1\">Colos<\/a> &#8211; Rapper<\/li>\n<li><a title=\"Blerim Destani\" href=\"http:\/\/sq.wikipedia.org\/wiki\/Blerim_Destani\">Blerim Destani<\/a> &#8211; Nachwuchsschauspieler und Filmproduzent<\/li>\n<li><a title=\"Ferdinand Laholli (nuk \u00ebsht\u00eb shkruar akoma)\" href=\"http:\/\/sq.wikipedia.org\/w\/index.php?title=Ferdinand_Laholli&amp;action=edit&amp;redlink=1\">Ferdinand Laholli<\/a> &#8211; Dichter<\/li>\n<li><a title=\"Burim Osmani (nuk \u00ebsht\u00eb shkruar akoma)\" href=\"http:\/\/sq.wikipedia.org\/w\/index.php?title=Burim_Osmani&amp;action=edit&amp;redlink=1\">Burim Osmani<\/a> &#8211; Unternehmer<\/li>\n<li><a title=\"Luan Krasniqi\" href=\"http:\/\/sq.wikipedia.org\/wiki\/Luan_Krasniqi\">Luan Krasniqi<\/a> &#8211; Boxer im Schwergewicht<\/li>\n<li><a title=\"Fatmire Bajramaj\" href=\"http:\/\/sq.wikipedia.org\/wiki\/Fatmire_Bajramaj\">Fatmire Bajramaj<\/a> &#8211; Fu\u00dfballspielerin der <a title=\"Deutsche Fu\u00dfballnationalmannschaft der Frauen (nuk \u00ebsht\u00eb shkruar akoma)\" href=\"http:\/\/sq.wikipedia.org\/w\/index.php?title=Deutsche_Fu%C3%9Fballnationalmannschaft_der_Frauen&amp;action=edit&amp;redlink=1\">deutschen Nationalmannschaft der Frauen<\/a><\/li>\n<li><a title=\"Valdet Rama\" href=\"http:\/\/sq.wikipedia.org\/wiki\/Valdet_Rama\">Valdet Rama<\/a> &#8211; Fu\u00dfballspieler von <a title=\"Hannover 96\" href=\"http:\/\/sq.wikipedia.org\/wiki\/Hannover_96\">Hannover 96<\/a><\/li>\n<li><a title=\"Bajram Sadrijaj (nuk \u00ebsht\u00eb shkruar akoma)\" href=\"http:\/\/sq.wikipedia.org\/w\/index.php?title=Bajram_Sadrijaj&amp;action=edit&amp;redlink=1\">Bajram Sadrijaj<\/a> &#8211; Fu\u00dfballspieler von <a title=\"Borussia Dortmund (nuk \u00ebsht\u00eb shkruar akoma)\" href=\"http:\/\/sq.wikipedia.org\/w\/index.php?title=Borussia_Dortmund&amp;action=edit&amp;redlink=1\">Borussia Dortmund<\/a><\/li>\n<li><a title=\"Mergim Mavraj (nuk \u00ebsht\u00eb shkruar akoma)\" href=\"http:\/\/sq.wikipedia.org\/w\/index.php?title=Mergim_Mavraj&amp;action=edit&amp;redlink=1\">Mergim Mavraj<\/a> &#8211; Fu\u00dfballspieler von <a title=\"VfL Bochum (nuk \u00ebsht\u00eb shkruar akoma)\" href=\"http:\/\/sq.wikipedia.org\/w\/index.php?title=VfL_Bochum&amp;action=edit&amp;redlink=1\">VfL Bochum<\/a><\/li>\n<li><a title=\"J\u00fcrgen Gjasula (nuk \u00ebsht\u00eb shkruar akoma)\" href=\"http:\/\/sq.wikipedia.org\/w\/index.php?title=J%C3%BCrgen_Gjasula&amp;action=edit&amp;redlink=1\">J\u00fcrgen Gjasula<\/a> &#8211; Fu\u00dfballspieler von <a title=\"FC Basel (nuk \u00ebsht\u00eb shkruar akoma)\" href=\"http:\/\/sq.wikipedia.org\/w\/index.php?title=FC_Basel&amp;action=edit&amp;redlink=1\">FC Basel<\/a><\/li>\n<\/ul>\n<h2>[<a title=\"Redaktoni seksionin: Literatura\" href=\"http:\/\/sq.wikipedia.org\/w\/index.php?title=Shqiptar%C3%ABt_n%C3%AB_Gjermani&amp;action=edit&amp;section=5\">redakto<\/a>] Literatura<\/h2>\n<ul>\n<li>Holger Lemmel: <em>Kosovo-Albaner in Deutschland: Eine Bedrohung f\u00fcr die innere Sicherheit?<\/em>, Schmidt-R\u00f6mhild Verlag, L\u00fcbeck 1997, <a href=\"http:\/\/sq.wikipedia.org\/wiki\/Speciale:BurimeteLibrave\/3795038057\">ISBN 3-7950-3805-7<\/a><\/li>\n<\/ul>\n<h2>[<a title=\"Redaktoni seksionin: Referenca\" href=\"http:\/\/sq.wikipedia.org\/w\/index.php?title=Shqiptar%C3%ABt_n%C3%AB_Gjermani&amp;action=edit&amp;section=6\">redakto<\/a>] Referenca<\/h2>\n<ol>\n<li id=\"cite_note-albde-0\">^ <a href=\"http:\/\/sq.wikipedia.org\/wiki\/Shqiptar%C3%ABt_n%C3%AB_Gjermani#cite_ref-albde_0-0\"><sup><em><strong>a<\/strong><\/em><\/sup><\/a> <a href=\"http:\/\/sq.wikipedia.org\/wiki\/Shqiptar%C3%ABt_n%C3%AB_Gjermani#cite_ref-albde_0-1\"><sup><em><strong>b<\/strong><\/em><\/sup><\/a> <a title=\"Hans-Peter Bartels (nuk \u00ebsht\u00eb shkruar akoma)\" href=\"http:\/\/sq.wikipedia.org\/w\/index.php?title=Hans-Peter_Bartels&amp;action=edit&amp;redlink=1\">Hans-Peter Bartels<\/a>: <a href=\"http:\/\/www.hans-peter-bartels.de\/pdf\/267.pdf?title=BT-Plenarprotokoll_05.06.2008_-_Ausschnitt_Bartels_-_Kosovo\" rel=\"nofollow\">Deutscher Bundestag &#8211; 16. Wahlperiode &#8211; 166. Sitzung. Berlin, Donnerstag, den 5. Juni 2008<\/a><\/li>\n<li id=\"cite_note-1\"><strong><a href=\"http:\/\/sq.wikipedia.org\/wiki\/Shqiptar%C3%ABt_n%C3%AB_Gjermani#cite_ref-1\">^<\/a><\/strong> <a href=\"http:\/\/de.statista.com\/statistik\/daten\/studie\/1221\/umfrage\/anzahl-der-auslaender-in-deutschland-nach-herkunftsland\/\" rel=\"nofollow\">Anzahl der Ausl\u00e4nder in Deutschland nach Herkunftsland<\/a><\/li>\n<li id=\"cite_note-2\"><strong><a href=\"http:\/\/sq.wikipedia.org\/wiki\/Shqiptar%C3%ABt_n%C3%AB_Gjermani#cite_ref-2\">^<\/a><\/strong> Silke Edler, Katja F\u00fcchsel: <a href=\"http:\/\/www.tagesspiegel.de\/berlin\/art270,2257149\" rel=\"nofollow\">Fluchtpunkt Berlin: Stadt erwartet Tausende Kosovaren<\/a><\/li>\n<li id=\"cite_note-3\"><strong><a href=\"http:\/\/sq.wikipedia.org\/wiki\/Shqiptar%C3%ABt_n%C3%AB_Gjermani#cite_ref-3\">^<\/a><\/strong> Kai V\u00f6ckler: <a href=\"http:\/\/www.kontakt.erstegroup.net\/report\/stories\/Issue25_08_Architektur_Zwischen+Pristina+und+Graz+eine+europaeische++Begegnung\/de\" rel=\"nofollow\">Kontakt. Zwischen Pri\u0161tina und Graz &#8211; eine europ\u00e4ische Begegnung<\/a><\/li>\n<\/ol>\n<p><!-- \nNewPP limit report\nPreprocessor node count: 138\/1000000\nPost-expand include size: 1053\/2048000 bytes\nTemplate argument size: 0\/2048000 bytes\nExpensive parser function count: 0\/500\n--><!-- Saved in parser cache with key sqwiki:stable-pcache:idhash:100407-0!*!0!!sq!4!* and timestamp 20120229122554 generated by srv242 --><\/div>\n<p><!-- \/bodycontent --><!-- printfooter --><\/p>\n<div>Marr\u00eb nga &#8220;<a href=\"http:\/\/sq.wikipedia.org\/w\/index.php?title=Shqiptar%C3%ABt_n%C3%AB_Gjermani&amp;oldid=1090056\">http:\/\/sq.wikipedia.org\/w\/index.php?title=Shqiptar%C3%ABt_n%C3%AB_Gjermani&amp;oldid=1090056<\/a>&#8220;<\/div>\n<p><!-- \/printfooter --><!-- catlinks --><\/p>\n<div id=\"catlinks\">\n<div id=\"mw-normal-catlinks\"><a title=\"Speciale:Kategori\" href=\"http:\/\/sq.wikipedia.org\/wiki\/Speciale:Kategori\">Kategorit\u00eb<\/a>:<\/p>\n<ul>\n<li><a title=\"Kategoria:P\u00ebr p\u00ebrmir\u00ebsim\" href=\"http:\/\/sq.wikipedia.org\/wiki\/Kategoria:P%C3%ABr_p%C3%ABrmir%C3%ABsim\">P\u00ebr p\u00ebrmir\u00ebsim<\/a><\/li>\n<li><a title=\"Kategoria:Defekt shkronjash\" href=\"http:\/\/sq.wikipedia.org\/wiki\/Kategoria:Defekt_shkronjash\">Defekt shkronjash<\/a><\/li>\n<li><a title=\"Kategoria:Pakica etnike n\u00eb Gjermani (nuk \u00ebsht\u00eb shkruar akoma)\" href=\"http:\/\/sq.wikipedia.org\/w\/index.php?title=Kategoria:Pakica_etnike_n%C3%AB_Gjermani&amp;action=edit&amp;redlink=1\">Pakica etnike n\u00eb Gjermani<\/a><\/li>\n<li><a title=\"Kategoria:Kultur\u00eb (Shqiperia) (nuk \u00ebsht\u00eb shkruar akoma)\" href=\"http:\/\/sq.wikipedia.org\/w\/index.php?title=Kategoria:Kultur%C3%AB_(Shqiperia)&amp;action=edit&amp;redlink=1\">Kultur\u00eb (Shqiperia)<\/a><\/li>\n<li><a title=\"Kategoria:Kultur\u00eb (Kosova) (nuk \u00ebsht\u00eb shkruar akoma)\" href=\"http:\/\/sq.wikipedia.org\/w\/index.php?title=Kategoria:Kultur%C3%AB_(Kosova)&amp;action=edit&amp;redlink=1\">Kultur\u00eb (Kosova)<\/a><\/li>\n<li><a title=\"Kategoria:Kultur\u00eb (Maqedonia) (nuk \u00ebsht\u00eb shkruar akoma)\" href=\"http:\/\/sq.wikipedia.org\/w\/index.php?title=Kategoria:Kultur%C3%AB_(Maqedonia)&amp;action=edit&amp;redlink=1\">Kultur\u00eb (Maqedonia)<\/a><\/li>\n<li><a title=\"Kategoria:Migracion (nuk \u00ebsht\u00eb shkruar akoma)\" href=\"http:\/\/sq.wikipedia.org\/w\/index.php?title=Kategoria:Migracion&amp;action=edit&amp;redlink=1\">Migracion<\/a><\/li>\n<\/ul>\n<\/div>\n<\/div>\n<p><!-- \/catlinks --><\/p>\n<div>\u00a0Kjo faqe \u00ebsht\u00eb ndryshuar p\u00ebr her\u00eb te fundit m\u00eb 5 shkurt 2012, n\u00eb or\u00ebn 18:18.<\/div>\n<\/div>\n<\/div>\n<div><\/div>\n<div><\/div>\n<\/div>\n<\/div>\n","protected":false},"excerpt":{"rendered":"<p>M\u00ebrgata shqiptare Nga Wikipedia, enciklopedia e lir\u00eb Shko te: navigacion, k\u00ebrko M\u00ebrgata shqiptare (edhe Diaspora shqiptare) \u00ebsht\u00eb term me t\u00eb cilin p\u00ebrfshihen t\u00eb gjith\u00eb shqiptar\u00ebt t\u00eb cil\u00ebt jetojn\u00eb dhe veprojn\u00eb jasht\u00eb trojeve autoktone shqiptare. M\u00ebrgata shqiptar me kalimin e koh\u00ebs ka shkuar gjithnj\u00eb e m\u00eb tep\u00ebr duke u rritur. Edhe tek Shqiptar\u00ebt, sikurse tek popujt&hellip;<\/p>\n","protected":false},"author":1,"featured_media":0,"parent":0,"menu_order":0,"comment_status":"open","ping_status":"open","template":"","meta":{"footnotes":""},"class_list":["post-85","page","type-page","status-publish","hentry"],"_links":{"self":[{"href":"https:\/\/revistakuvendi.org\/index.php?rest_route=\/wp\/v2\/pages\/85","targetHints":{"allow":["GET"]}}],"collection":[{"href":"https:\/\/revistakuvendi.org\/index.php?rest_route=\/wp\/v2\/pages"}],"about":[{"href":"https:\/\/revistakuvendi.org\/index.php?rest_route=\/wp\/v2\/types\/page"}],"author":[{"embeddable":true,"href":"https:\/\/revistakuvendi.org\/index.php?rest_route=\/wp\/v2\/users\/1"}],"replies":[{"embeddable":true,"href":"https:\/\/revistakuvendi.org\/index.php?rest_route=%2Fwp%2Fv2%2Fcomments&post=85"}],"version-history":[{"count":3,"href":"https:\/\/revistakuvendi.org\/index.php?rest_route=\/wp\/v2\/pages\/85\/revisions"}],"predecessor-version":[{"id":148,"href":"https:\/\/revistakuvendi.org\/index.php?rest_route=\/wp\/v2\/pages\/85\/revisions\/148"}],"wp:attachment":[{"href":"https:\/\/revistakuvendi.org\/index.php?rest_route=%2Fwp%2Fv2%2Fmedia&parent=85"}],"curies":[{"name":"wp","href":"https:\/\/api.w.org\/{rel}","templated":true}]}}