{"id":83,"date":"2012-03-05T01:48:02","date_gmt":"2012-03-05T01:48:02","guid":{"rendered":"http:\/\/revistakuvendi.org\/?page_id=83"},"modified":"2012-08-03T10:35:30","modified_gmt":"2012-08-03T10:35:30","slug":"njoftime","status":"publish","type":"page","link":"https:\/\/revistakuvendi.org\/?page_id=83","title":{"rendered":"Njoftime"},"content":{"rendered":"<p><strong>Ditet e Let\u00ebrsis\u00eb Shqipe n\u00eb Michigan\u00a0 2012<\/strong><\/p>\n<p><strong><em>(Aktiviteti i k\u00ebtij viti b\u00ebh\u00ebt n\u00eb frym\u00ebn e 100 vjetori t\u00eb Pavar\u00ebsis\u00eb, duke u dh\u00ebn\u00eb p\u00ebrpar\u00ebsi krijimeve dhe\u00a0 vler\u00ebsimeve t\u00eb k\u00ebsaj tematike)<\/em><\/strong><\/p>\n<p>&nbsp;<\/p>\n<p>Dit\u00ebt e Let\u00ebrsis\u00eb Shqipe t\u00eb k\u00ebtij viti do t\u00eb jen\u00eb me 27 dhe 28 Tetor 2012 dit\u00ebn e shtun\u00eb dhe t\u00eb diel\u00eb.<\/p>\n<p>Dit\u00ebn e shtun\u00eb do t\u00eb jet\u00eb pritja dhe takimi i krijuesve<\/p>\n<p>Per pritjen, sisteminin n\u00eb hotel dhe kohen deri n\u00eb p\u00ebrcjellje pas aktivitetit p\u00ebrfundimtar, ngarkohen miqt\u00eb e Revistes \u201cKuvendi\u201d Petrit Dodaj dhe Mondi Rakaj<\/p>\n<p>P\u00ebr dark\u00ebn e s\u00eb shtun\u00ebs, gjetjen e restorantit, sigurimin e\u00a0 pjes\u00ebmarr\u00ebsve dhe diskutimet letrare, ngarkohen an\u00ebtar\u00ebt e K\u00ebshillit Botues, Kujtim Qafa dhe Nexhip Ejupi<\/p>\n<p>T\u2019i kushtohet ne k\u00ebt\u00eb mbr\u00ebmje nj\u00eb or\u00eb letrare poetit Ali Podrimja: \u201c Pse shkove pa ardhur Ali?\u201d<\/p>\n<p><strong><span style=\"text-decoration: underline;\">P\u00ebr aktivitetin e s\u00eb diel\u00ebs:<\/span><\/strong><\/p>\n<p>Kafja e m\u00ebngjesit, shetitja krijuese n\u00eb Metro Park, ( poezi dhe biseda p\u00ebr let\u00ebrsin\u00eb ) ngarkohen an\u00ebtar\u00ebt e K\u00ebshillit Botues Paulin Palushi dhe Luigj Gjokaj<\/p>\n<p>P\u00ebr drek\u00ebn e s\u00eb diel\u00ebs t\u00eb interesuar do jen\u00eb poeti Mensur Spahiu dhe miku i Revistes \u201cKuvendi\u201d Gjeto Ivezaj<\/p>\n<p>P\u00ebr mbr\u00ebmjen e s\u00eb diel\u00ebs ( mbr\u00ebmja kryesore e k\u00ebtij aktiviteti) t\u00eb ngarkuar organizativ do t\u00eb jen\u00eb:<\/p>\n<p>Poeti Gjovalin Lumaj, gazetari dhe krijuesi Nevrus Nazarko<\/p>\n<p>Moderator t\u00eb mbr\u00ebmjes letrare: Flora Grishaj\u00a0 &amp; Ndue Gjekaj<\/p>\n<p>P\u00ebr recitimet dhe muziken: Fran Gjoka, Arben Dervishi dhe Ndue Gjekaj<\/p>\n<p>&nbsp;<\/p>\n<p><strong><span style=\"text-decoration: underline;\">Juria e k\u00ebtij viti do t\u00eb p\u00ebrb\u00ebhet nga:<\/span><\/strong><\/p>\n<p>M\u00ebhill Velaj,\u00a0 Kryetar<\/p>\n<p>Pierre &#8211; Pandeli Simsia, an\u00ebtar<\/p>\n<p>Raimonda Moisiu, an\u00ebtar<\/p>\n<p>Dr.Yllka Filipi, an\u00ebtar<\/p>\n<p>Ruzhdi Gjokaj, an\u00ebtar<\/p>\n<p><em>\u00a0<\/em><\/p>\n<p><em>Krijimet q\u00eb do vler\u00ebsohen jan\u00eb botimet e 12 muajve n\u00eb Revisten \u201c Kuvendi\u201d si dhe krijime q\u00eb sillen enkas p\u00ebr konkursin. Nuk pranohen krijime t\u00eb publikuara para tetorit 2011.<\/em><\/p>\n<p><strong>\u00a0<\/strong><\/p>\n<p><strong>K\u00ebshilli Botues i Revistes \u201c Kuvendi\u201d<\/strong><\/p>\n<p>Koorrik 2012<\/p>\n<p><a href=\"http:\/\/revistakuvendi.org\/wp-content\/uploads\/2012\/03\/ditet-e-letersise-2011.png\"><img loading=\"lazy\" decoding=\"async\" class=\"alignleft size-full wp-image-1471\" title=\"ditet e letersise 2011\" src=\"http:\/\/revistakuvendi.org\/wp-content\/uploads\/2012\/03\/ditet-e-letersise-2011.png\" alt=\"\" width=\"668\" height=\"370\" srcset=\"https:\/\/revistakuvendi.org\/wp-content\/uploads\/2012\/03\/ditet-e-letersise-2011.png 668w, https:\/\/revistakuvendi.org\/wp-content\/uploads\/2012\/03\/ditet-e-letersise-2011-300x166.png 300w\" sizes=\"auto, (max-width: 668px) 100vw, 668px\" \/><\/a><\/p>\n<p>foto e vitit te kaluar:<\/p>\n<p><strong><\/strong><\/p>\n<p><strong><\/strong><\/p>\n<p><strong>Njoftim<\/strong><\/p>\n<p><strong>\u00a0<\/strong>Me daten 27 Maj 2012, ne Qendren Ballkanike, me fillim ne oren 7:00 behet takimi i dyte i Komisioni te Festes se Pavaresise ( 100 vjetorit ).<\/p>\n<p><span style=\"text-decoration: underline;\">Adresa:<\/span><\/p>\n<p>Balkan Amerikan Community Center<\/p>\n<p>1451 E. Big Beaver<\/p>\n<p>Troy, MI. 48083<\/p>\n<p>Tel: 1248 680 1600<\/p>\n<p>&nbsp;<\/p>\n<p>&nbsp;<\/p>\n<p>&nbsp;<\/p>\n<p>Se shpejti del nga shtypi libri me poezi te zgjedhura nga gjithe krijimtaria e Sali Manit<\/p>\n<p>me titullin: &#8221; Mbrapa lash\u00eb kanget e \u00a0mia&#8221;<\/p>\n<p>&nbsp;<\/p>\n<p>&nbsp;<\/p>\n<div>\n<div dir=\"ltr\">\n<table>\n<tbody>\n<tr>\n<td valign=\"top\"><em>KONFERENC\u00cb SHKENCORE P\u00cbR 100 VJETORIN E FEDERAT\u00cbS \u201dVATRA\u201d<\/em><em><\/em>Njoftohet komuniteti shqiptar se me rastin e 100 vjetorit t\u00eb themelimit t\u00eb Federat\u00ebs Panshqiptare t\u00eb Amerik\u00ebs\u201dVATRA\u201d, t\u00eb shtun\u00ebn me 28 prill 2012 do t\u00eb mbahet Konferenca Shkencore \u201cFederata Pan-shqiptare e Amerik\u00ebs \u201dVATRA, 100 Vjet\u00eb n\u00eb sh\u00ebrbim t\u00eb Kombit\u201d. N\u00eb konferenc\u00eb do t\u00eb mbajn\u00eb kumtesa studies t\u00eb njohur t\u00eb bot\u00ebs akademike shqiptare:&nbsp;<\/p>\n<p>&nbsp;<\/p>\n<p>Prof. dr. Nicholas Pano<\/p>\n<p>Prof. dr. Beqir Meta<\/p>\n<p>Prof. dr. Jusuf Bajraktari<\/p>\n<p>Prof. dr. Fehari Ramadani<\/p>\n<p>Dr. Elez Biberaj<\/p>\n<p>&nbsp;<\/p>\n<p>&nbsp;<\/p>\n<p>&nbsp;<\/p>\n<p>Anton Cefa<\/p>\n<p>&nbsp;<\/p>\n<p>Mal Berisha.<\/p>\n<p>&nbsp;<\/p>\n<p>Bejtullah Destani<\/p>\n<p>&nbsp;<\/p>\n<p>Idriz Lamaj<\/p>\n<p>&nbsp;<\/p>\n<p>Dalip Greca<\/p>\n<p>&nbsp;<\/p>\n<p>Ilir Ikonomi<\/p>\n<p>&nbsp;<\/p>\n<p>Naum Prifti<\/p>\n<p>&nbsp;<\/p>\n<p>Agron Alibali<\/p>\n<p>&nbsp;<\/p>\n<p>Sevdai Kastrati<\/p>\n<p>&nbsp;<\/p>\n<p>Konferenca Shkencore do t\u00eb filloj\u00eb n\u00eb or\u00ebn 9 t\u00eb m\u00ebngjesit dhe do t\u00eb mbahet n\u00eb nj\u00eb nga hotelet e njohura n\u00eb Manhattan, \u201cThe Helmsley Park Lane Hotel\u201d, q\u00eb ndodhet n\u00eb adres\u00ebn:<\/p>\n<p>36 Central Park South, New York, NY 10019.<\/p>\n<p>Tel: (212) 521-6640<\/p>\n<p>Do t\u00eb ket\u00eb edhe nj\u00eb Kokteil<\/p>\n<p>Hyrja \u00ebsht\u00eb e lir\u00eb.<\/td>\n<\/tr>\n<\/tbody>\n<\/table>\n<\/div>\n<\/div>\n","protected":false},"excerpt":{"rendered":"<p>Ditet e Let\u00ebrsis\u00eb Shqipe n\u00eb Michigan\u00a0 2012 (Aktiviteti i k\u00ebtij viti b\u00ebh\u00ebt n\u00eb frym\u00ebn e 100 vjetori t\u00eb Pavar\u00ebsis\u00eb, duke u dh\u00ebn\u00eb p\u00ebrpar\u00ebsi krijimeve dhe\u00a0 vler\u00ebsimeve t\u00eb k\u00ebsaj tematike) &nbsp; Dit\u00ebt e Let\u00ebrsis\u00eb Shqipe t\u00eb k\u00ebtij viti do t\u00eb jen\u00eb me 27 dhe 28 Tetor 2012 dit\u00ebn e shtun\u00eb dhe t\u00eb diel\u00eb. Dit\u00ebn e shtun\u00eb&hellip;<\/p>\n","protected":false},"author":1,"featured_media":0,"parent":0,"menu_order":0,"comment_status":"open","ping_status":"open","template":"","meta":{"footnotes":""},"class_list":["post-83","page","type-page","status-publish","hentry"],"_links":{"self":[{"href":"https:\/\/revistakuvendi.org\/index.php?rest_route=\/wp\/v2\/pages\/83","targetHints":{"allow":["GET"]}}],"collection":[{"href":"https:\/\/revistakuvendi.org\/index.php?rest_route=\/wp\/v2\/pages"}],"about":[{"href":"https:\/\/revistakuvendi.org\/index.php?rest_route=\/wp\/v2\/types\/page"}],"author":[{"embeddable":true,"href":"https:\/\/revistakuvendi.org\/index.php?rest_route=\/wp\/v2\/users\/1"}],"replies":[{"embeddable":true,"href":"https:\/\/revistakuvendi.org\/index.php?rest_route=%2Fwp%2Fv2%2Fcomments&post=83"}],"version-history":[{"count":8,"href":"https:\/\/revistakuvendi.org\/index.php?rest_route=\/wp\/v2\/pages\/83\/revisions"}],"predecessor-version":[{"id":141,"href":"https:\/\/revistakuvendi.org\/index.php?rest_route=\/wp\/v2\/pages\/83\/revisions\/141"}],"wp:attachment":[{"href":"https:\/\/revistakuvendi.org\/index.php?rest_route=%2Fwp%2Fv2%2Fmedia&parent=83"}],"curies":[{"name":"wp","href":"https:\/\/api.w.org\/{rel}","templated":true}]}}